{"id":10,"date":"2023-02-12T18:26:05","date_gmt":"2023-02-12T17:26:05","guid":{"rendered":"http:\/\/efa.green64.pl\/shop\/?page_id=10"},"modified":"2026-04-04T10:35:47","modified_gmt":"2026-04-04T08:35:47","slug":"o-mnie","status":"publish","type":"page","link":"https:\/\/epawlinska.pl\/portfolio\/","title":{"rendered":"ewa pawli\u0144ska"},"content":{"rendered":"\n<p class=\"has-text-align-center\"><a href=\"http:\/\/epawlinska.pl\/portfolio\/kategoria-produktu\/scultptures-rzezby\/\" data-type=\"link\" data-id=\"epawlinska.pl\/portfolio\/kategoria-produktu\/scultptures-rzezby\/\">sculptures \/ rze\u017aby<\/a><\/p>\n\n\n\n<div data-wp-context=\"{&quot;notices&quot;:[],&quot;hideNextPreviousButtons&quot;:false,&quot;isDisabledPrevious&quot;:true,&quot;isDisabledNext&quot;:false,&quot;ariaLabelPrevious&quot;:&quot;Poprzednie produkty&quot;,&quot;ariaLabelNext&quot;:&quot;Nast\\u0119pne produkty&quot;,&quot;collection&quot;:&quot;woocommerce\\\/product-collection\\\/featured&quot;}\" data-wp-init=\"callbacks.onRender\" data-wp-interactive=\"woocommerce\/product-collection\" data-wp-router-region=\"wc-product-collection-0\" data-__private-preview-state=\"{&quot;isPreview&quot;:false,&quot;previewMessage&quot;:&quot;Rzeczywiste produkty b\\u0119d\\u0105 si\\u0119 r\\u00f3\\u017cni\\u0107 w zale\\u017cno\\u015bci od przegl\\u0105danej strony.&quot;}\" data-block-name=\"woocommerce\/product-collection\" data-collection=\"woocommerce\/product-collection\/featured\" data-dimensions=\"{&quot;widthType&quot;:&quot;fill&quot;}\" data-display-layout=\"{&quot;type&quot;:&quot;flex&quot;,&quot;columns&quot;:5,&quot;shrinkColumns&quot;:true}\" data-hide-controls=\"[&quot;inherit&quot;,&quot;featured&quot;,&quot;filterable&quot;]\" data-query-context-includes=\"[&quot;collection&quot;]\" data-query-id=\"0\" data-query=\"{&quot;perPage&quot;:5,&quot;pages&quot;:1,&quot;offset&quot;:0,&quot;postType&quot;:&quot;product&quot;,&quot;order&quot;:&quot;asc&quot;,&quot;orderBy&quot;:&quot;title&quot;,&quot;search&quot;:&quot;&quot;,&quot;exclude&quot;:[],&quot;inherit&quot;:false,&quot;taxQuery&quot;:[],&quot;isProductCollectionBlock&quot;:true,&quot;featured&quot;:true,&quot;woocommerceOnSale&quot;:false,&quot;woocommerceStockStatus&quot;:[&quot;instock&quot;,&quot;outofstock&quot;,&quot;onbackorder&quot;],&quot;woocommerceAttributes&quot;:[],&quot;woocommerceHandPickedProducts&quot;:[],&quot;filterable&quot;:false,&quot;relatedBy&quot;:{&quot;categories&quot;:true,&quot;tags&quot;:true}}\" data-tag-name=\"div\" class=\"wp-block-woocommerce-product-collection is-layout-flow wp-block-woocommerce-product-collection-is-layout-flow\">\t\t<div data-wp-interactive=\"woocommerce\/store-notices\" class=\"wc-block-components-notices alignwide\">\n\t\t\t<template data-wp-each--notice=\"state.notices\" data-wp-each-key=\"context.notice.id\">\n\t\t\t\t<div\n\t\t\t\t\tclass=\"wc-block-components-notice-banner\"\n\t\t\t\t\tdata-wp-init=\"callbacks.scrollIntoView\"\n\t\t\t\t\tdata-wp-class--is-error=\"state.isError\"\n\t\t\t\t\tdata-wp-class--is-success =\"state.isSuccess\"\n\t\t\t\t\tdata-wp-class--is-info=\"state.isInfo\"\n\t\t\t\t\tdata-wp-class--is-dismissible=\"context.notice.dismissible\"\n\t\t\t\t\tdata-wp-bind--role=\"state.role\"\n\t\t\t\t>\n\t\t\t\t\t<svg xmlns=\"http:\/\/www.w3.org\/2000\/svg\" viewBox=\"0 0 24 24\" width=\"24\" height=\"24\" aria-hidden=\"true\" focusable=\"false\">\n\t\t\t\t\t\t<path data-wp-bind--d=\"state.iconPath\"><\/path>\n\t\t\t\t\t<\/svg>\n\t\t\t\t\t<div class=\"wc-block-components-notice-banner__content\">\n\t\t\t\t\t\t<span data-wp-init=\"callbacks.renderNoticeContent\" aria-live=\"assertive\" aria-atomic=\"true\"><\/span>\n\t\t\t\t\t<\/div>\n\t\t\t\t\t<button\n\t\t\t\t\t\tdata-wp-bind--hidden=\"!context.notice.dismissible\"\n\t\t\t\t\t\tclass=\"wc-block-components-button wp-element-button wc-block-components-notice-banner__dismiss contained\"\n\t\t\t\t\t\taria-label=\"Odrzu\u0107 to powiadomienie\"\n\t\t\t\t\t\tdata-wp-on--click=\"actions.removeNotice\"\n\t\t\t\t\t>\n\t\t\t\t\t\t<svg xmlns=\"http:\/\/www.w3.org\/2000\/svg\" viewBox=\"0 0 24 24\">\n\t\t\t\t\t\t\t<path d=\"M13 11.8l6.1-6.3-1-1-6.1 6.2-6.1-6.2-1 1 6.1 6.3-6.5 6.7 1 1 6.5-6.6 6.5 6.6 1-1z\" \/>\n\t\t\t\t\t\t<\/svg>\n\t\t\t\t\t<\/button>\n\t\t\t\t<\/div>\n\t\t\t<\/template>\n\t\t<\/div>\n\t\t<ul data-block-name=\"woocommerce\/product-template\" class=\"wc-block-product-template__responsive columns-5 wc-block-product-template glowna_polecane wp-block-woocommerce-product-template is-layout-flow wp-block-woocommerce-product-template-is-layout-flow\" data-wp-on--scroll=\"actions.watchScroll\" data-wp-init=\"callbacks.initResizeObserver\"><li class=\"wc-block-product post-308 product type-product status-publish has-post-thumbnail product_cat-axis-mundi-rzezby-realizacje product_cat-scultptures-rzezby product_tag-girls product_tag-human product_tag-mirror product_tag-plant product_tag-poison first instock featured shipping-taxable product-type-simple\"\n\t\t\t\t\t\n\t\t\t\tdata-wp-interactive=\"woocommerce\/product-collection\"\n\t\t\t\tdata-wp-context='{\"productId\":308}'\n\t\t\t\tdata-wp-key=\"product-item-308\"\n\t\t\t\n\t\t\t\t>\n\t\t\t\t\t\n<div data-block-name=\"woocommerce\/product-image\" data-image-sizing=\"thumbnail\" data-is-descendent-of-query-loop=\"true\" data-show-sale-badge=\"false\" class=\"wc-block-components-product-image wc-block-grid__product-image wc-block-components-product-image--aspect-ratio-auto wp-block-woocommerce-product-image\"><a href=\"https:\/\/epawlinska.pl\/portfolio\/produkt\/another-move-kolejna-przeprowadzka\/\" style=\"\" data-wp-on--click=\"woocommerce\/product-collection::actions.viewProduct\"><img loading=\"lazy\" decoding=\"async\" width=\"420\" height=\"420\" src=\"https:\/\/epawlinska.pl\/portfolio\/wp-content\/uploads\/2024\/11\/mini-420x420.jpg\" class=\"attachment-woocommerce_thumbnail size-woocommerce_thumbnail\" alt=\"Another move \/ Kolejna przeprowadzka\" data-testid=\"product-image\" data-image-id=\"383\" style=\"object-fit:cover;\" srcset=\"https:\/\/epawlinska.pl\/portfolio\/wp-content\/uploads\/2024\/11\/mini-420x420.jpg 420w, https:\/\/epawlinska.pl\/portfolio\/wp-content\/uploads\/2024\/11\/mini-300x300.jpg 300w, https:\/\/epawlinska.pl\/portfolio\/wp-content\/uploads\/2024\/11\/mini-1024x1024.jpg 1024w, https:\/\/epawlinska.pl\/portfolio\/wp-content\/uploads\/2024\/11\/mini-150x150.jpg 150w, https:\/\/epawlinska.pl\/portfolio\/wp-content\/uploads\/2024\/11\/mini-768x768.jpg 768w, https:\/\/epawlinska.pl\/portfolio\/wp-content\/uploads\/2024\/11\/mini-1536x1536.jpg 1536w, https:\/\/epawlinska.pl\/portfolio\/wp-content\/uploads\/2024\/11\/mini-2048x2048.jpg 2048w, https:\/\/epawlinska.pl\/portfolio\/wp-content\/uploads\/2024\/11\/mini-640x640.jpg 640w, https:\/\/epawlinska.pl\/portfolio\/wp-content\/uploads\/2024\/11\/mini-1140x1140.jpg 1140w, https:\/\/epawlinska.pl\/portfolio\/wp-content\/uploads\/2024\/11\/mini-920x920.jpg 920w, https:\/\/epawlinska.pl\/portfolio\/wp-content\/uploads\/2024\/11\/mini-575x575.jpg 575w, https:\/\/epawlinska.pl\/portfolio\/wp-content\/uploads\/2024\/11\/mini-380x380.jpg 380w, https:\/\/epawlinska.pl\/portfolio\/wp-content\/uploads\/2024\/11\/mini-50x50.jpg 50w, https:\/\/epawlinska.pl\/portfolio\/wp-content\/uploads\/2024\/11\/mini-800x800.jpg 800w, https:\/\/epawlinska.pl\/portfolio\/wp-content\/uploads\/2024\/11\/mini-100x100.jpg 100w\" sizes=\"auto, (max-width: 420px) 100vw, 420px\" \/><div class=\"wc-block-components-product-image__inner-container\"><\/div><\/a><\/div>\n\n<h2 style=\"line-height:1.4; margin-bottom:0.75rem;margin-top:0;\" class=\"has-text-align-center wp-block-post-title has-medium-font-size\"><a data-wp-on--click=\"woocommerce\/product-collection::actions.viewProduct\" href=\"https:\/\/epawlinska.pl\/portfolio\/produkt\/another-move-kolejna-przeprowadzka\/\" target=\"_self\" >Another move \/ Kolejna przeprowadzka<\/a><\/h2>\n\n<div data-block-name=\"woocommerce\/product-price\" data-font-size=\"small\" data-is-descendent-of-query-loop=\"true\" data-text-align=\"center\" class=\"has-font-size has-small-font-size has-text-align-center wp-block-woocommerce-product-price has-small-font-size\" ><div class=\"wc-block-components-product-price wc-block-grid__product-price\" >\n\t\t\t\t\t\n\t\t\t\t<\/div><\/div>\n\n\t\t\t\t<\/li><li class=\"wc-block-product post-147 product type-product status-publish has-post-thumbnail product_cat-scultptures-rzezby  instock featured shipping-taxable product-type-simple\"\n\t\t\t\t\t\n\t\t\t\tdata-wp-interactive=\"woocommerce\/product-collection\"\n\t\t\t\tdata-wp-context='{\"productId\":147}'\n\t\t\t\tdata-wp-key=\"product-item-147\"\n\t\t\t\n\t\t\t\t>\n\t\t\t\t\t\n<div data-block-name=\"woocommerce\/product-image\" data-image-sizing=\"thumbnail\" data-is-descendent-of-query-loop=\"true\" data-show-sale-badge=\"false\" class=\"wc-block-components-product-image wc-block-grid__product-image wc-block-components-product-image--aspect-ratio-auto wp-block-woocommerce-product-image\"><a href=\"https:\/\/epawlinska.pl\/portfolio\/produkt\/doggy-piesiola\/\" style=\"\" data-wp-on--click=\"woocommerce\/product-collection::actions.viewProduct\"><img loading=\"lazy\" decoding=\"async\" width=\"420\" height=\"420\" src=\"https:\/\/epawlinska.pl\/portfolio\/wp-content\/uploads\/2023\/02\/4-3-420x420.jpg\" class=\"attachment-woocommerce_thumbnail size-woocommerce_thumbnail\" alt=\"Doggy \/ Piesio\u0142a\" data-testid=\"product-image\" data-image-id=\"316\" style=\"object-fit:cover;\" srcset=\"https:\/\/epawlinska.pl\/portfolio\/wp-content\/uploads\/2023\/02\/4-3-420x420.jpg 420w, https:\/\/epawlinska.pl\/portfolio\/wp-content\/uploads\/2023\/02\/4-3-150x150.jpg 150w, https:\/\/epawlinska.pl\/portfolio\/wp-content\/uploads\/2023\/02\/4-3-640x640.jpg 640w, https:\/\/epawlinska.pl\/portfolio\/wp-content\/uploads\/2023\/02\/4-3-50x50.jpg 50w, https:\/\/epawlinska.pl\/portfolio\/wp-content\/uploads\/2023\/02\/4-3-100x100.jpg 100w\" sizes=\"auto, (max-width: 420px) 100vw, 420px\" \/><div class=\"wc-block-components-product-image__inner-container\"><\/div><\/a><\/div>\n\n<h2 style=\"line-height:1.4; margin-bottom:0.75rem;margin-top:0;\" class=\"has-text-align-center wp-block-post-title has-medium-font-size\"><a data-wp-on--click=\"woocommerce\/product-collection::actions.viewProduct\" href=\"https:\/\/epawlinska.pl\/portfolio\/produkt\/doggy-piesiola\/\" target=\"_self\" >Doggy \/ Piesio\u0142a<\/a><\/h2>\n\n<div data-block-name=\"woocommerce\/product-price\" data-font-size=\"small\" data-is-descendent-of-query-loop=\"true\" data-text-align=\"center\" class=\"has-font-size has-small-font-size has-text-align-center wp-block-woocommerce-product-price has-small-font-size\" ><div class=\"wc-block-components-product-price wc-block-grid__product-price\" >\n\t\t\t\t\t\n\t\t\t\t<\/div><\/div>\n\n\t\t\t\t<\/li><li class=\"wc-block-product post-348 product type-product status-publish has-post-thumbnail product_cat-fff product_cat-scultptures-rzezby product_tag-iron-cast product_tag-mircea-eliade product_tag-sculture product_tag-solid product_tag-spatial last instock featured shipping-taxable product-type-simple\"\n\t\t\t\t\t\n\t\t\t\tdata-wp-interactive=\"woocommerce\/product-collection\"\n\t\t\t\tdata-wp-context='{\"productId\":348}'\n\t\t\t\tdata-wp-key=\"product-item-348\"\n\t\t\t\n\t\t\t\t>\n\t\t\t\t\t\n<div data-block-name=\"woocommerce\/product-image\" data-image-sizing=\"thumbnail\" data-is-descendent-of-query-loop=\"true\" data-show-sale-badge=\"false\" class=\"wc-block-components-product-image wc-block-grid__product-image wc-block-components-product-image--aspect-ratio-auto wp-block-woocommerce-product-image\"><a href=\"https:\/\/epawlinska.pl\/portfolio\/produkt\/fff-3\/\" style=\"\" data-wp-on--click=\"woocommerce\/product-collection::actions.viewProduct\"><img loading=\"lazy\" decoding=\"async\" width=\"420\" height=\"420\" src=\"https:\/\/epawlinska.pl\/portfolio\/wp-content\/uploads\/2025\/05\/3-2-420x420.jpg\" class=\"attachment-woocommerce_thumbnail size-woocommerce_thumbnail\" alt=\"Fff 3\" data-testid=\"product-image\" data-image-id=\"342\" style=\"object-fit:cover;\" srcset=\"https:\/\/epawlinska.pl\/portfolio\/wp-content\/uploads\/2025\/05\/3-2-420x420.jpg 420w, https:\/\/epawlinska.pl\/portfolio\/wp-content\/uploads\/2025\/05\/3-2-150x150.jpg 150w, https:\/\/epawlinska.pl\/portfolio\/wp-content\/uploads\/2025\/05\/3-2-640x640.jpg 640w, https:\/\/epawlinska.pl\/portfolio\/wp-content\/uploads\/2025\/05\/3-2-50x50.jpg 50w, https:\/\/epawlinska.pl\/portfolio\/wp-content\/uploads\/2025\/05\/3-2-100x100.jpg 100w\" sizes=\"auto, (max-width: 420px) 100vw, 420px\" \/><div class=\"wc-block-components-product-image__inner-container\"><\/div><\/a><\/div>\n\n<h2 style=\"line-height:1.4; margin-bottom:0.75rem;margin-top:0;\" class=\"has-text-align-center wp-block-post-title has-medium-font-size\"><a data-wp-on--click=\"woocommerce\/product-collection::actions.viewProduct\" href=\"https:\/\/epawlinska.pl\/portfolio\/produkt\/fff-3\/\" target=\"_self\" >Fff 3<\/a><\/h2>\n\n<div data-block-name=\"woocommerce\/product-price\" data-font-size=\"small\" data-is-descendent-of-query-loop=\"true\" data-text-align=\"center\" class=\"has-font-size has-small-font-size has-text-align-center wp-block-woocommerce-product-price has-small-font-size\" ><div class=\"wc-block-components-product-price wc-block-grid__product-price\" >\n\t\t\t\t\t\n\t\t\t\t<\/div><\/div>\n\n\t\t\t\t<\/li><li class=\"wc-block-product post-390 product type-product status-publish has-post-thumbnail product_cat-scultptures-rzezby product_tag-153 product_tag-kodeku product_tag-steel first instock featured shipping-taxable product-type-simple\"\n\t\t\t\t\t\n\t\t\t\tdata-wp-interactive=\"woocommerce\/product-collection\"\n\t\t\t\tdata-wp-context='{\"productId\":390}'\n\t\t\t\tdata-wp-key=\"product-item-390\"\n\t\t\t\n\t\t\t\t>\n\t\t\t\t\t\n<div data-block-name=\"woocommerce\/product-image\" data-image-sizing=\"thumbnail\" data-is-descendent-of-query-loop=\"true\" data-show-sale-badge=\"false\" class=\"wc-block-components-product-image wc-block-grid__product-image wc-block-components-product-image--aspect-ratio-auto wp-block-woocommerce-product-image\"><a href=\"https:\/\/epawlinska.pl\/portfolio\/produkt\/little-cloud-chmurka\/\" style=\"\" data-wp-on--click=\"woocommerce\/product-collection::actions.viewProduct\"><img loading=\"lazy\" decoding=\"async\" width=\"420\" height=\"420\" src=\"https:\/\/epawlinska.pl\/portfolio\/wp-content\/uploads\/2026\/01\/cala-4-420x420.jpg\" class=\"attachment-woocommerce_thumbnail size-woocommerce_thumbnail\" alt=\"Little cloud \/ Chmurka\" data-testid=\"product-image\" data-image-id=\"394\" style=\"object-fit:cover;\" srcset=\"https:\/\/epawlinska.pl\/portfolio\/wp-content\/uploads\/2026\/01\/cala-4-420x420.jpg 420w, https:\/\/epawlinska.pl\/portfolio\/wp-content\/uploads\/2026\/01\/cala-4-150x150.jpg 150w, https:\/\/epawlinska.pl\/portfolio\/wp-content\/uploads\/2026\/01\/cala-4-640x640.jpg 640w, https:\/\/epawlinska.pl\/portfolio\/wp-content\/uploads\/2026\/01\/cala-4-50x50.jpg 50w, https:\/\/epawlinska.pl\/portfolio\/wp-content\/uploads\/2026\/01\/cala-4-100x100.jpg 100w\" sizes=\"auto, (max-width: 420px) 100vw, 420px\" \/><div class=\"wc-block-components-product-image__inner-container\"><\/div><\/a><\/div>\n\n<h2 style=\"line-height:1.4; margin-bottom:0.75rem;margin-top:0;\" class=\"has-text-align-center wp-block-post-title has-medium-font-size\"><a data-wp-on--click=\"woocommerce\/product-collection::actions.viewProduct\" href=\"https:\/\/epawlinska.pl\/portfolio\/produkt\/little-cloud-chmurka\/\" target=\"_self\" >Little cloud \/ Chmurka<\/a><\/h2>\n\n<div data-block-name=\"woocommerce\/product-price\" data-font-size=\"small\" data-is-descendent-of-query-loop=\"true\" data-text-align=\"center\" class=\"has-font-size has-small-font-size has-text-align-center wp-block-woocommerce-product-price has-small-font-size\" ><div class=\"wc-block-components-product-price wc-block-grid__product-price\" >\n\t\t\t\t\t\n\t\t\t\t<\/div><\/div>\n\n\t\t\t\t<\/li><li class=\"wc-block-product post-211 product type-product status-publish has-post-thumbnail product_cat-axis-mundi-rzezby-realizacje product_cat-scultptures-rzezby  instock featured shipping-taxable product-type-simple\"\n\t\t\t\t\t\n\t\t\t\tdata-wp-interactive=\"woocommerce\/product-collection\"\n\t\t\t\tdata-wp-context='{\"productId\":211}'\n\t\t\t\tdata-wp-key=\"product-item-211\"\n\t\t\t\n\t\t\t\t>\n\t\t\t\t\t\n<div data-block-name=\"woocommerce\/product-image\" data-image-sizing=\"thumbnail\" data-is-descendent-of-query-loop=\"true\" data-show-sale-badge=\"false\" class=\"wc-block-components-product-image wc-block-grid__product-image wc-block-components-product-image--aspect-ratio-auto wp-block-woocommerce-product-image\"><a href=\"https:\/\/epawlinska.pl\/portfolio\/produkt\/mash-up-material-axis-mundi-exhibition\/\" style=\"\" data-wp-on--click=\"woocommerce\/product-collection::actions.viewProduct\"><img loading=\"lazy\" decoding=\"async\" width=\"420\" height=\"420\" src=\"https:\/\/epawlinska.pl\/portfolio\/wp-content\/uploads\/2023\/03\/DSC_0091-420x420.jpg\" class=\"attachment-woocommerce_thumbnail size-woocommerce_thumbnail\" alt=\"Mash up material\" data-testid=\"product-image\" data-image-id=\"215\" style=\"object-fit:cover;\" srcset=\"https:\/\/epawlinska.pl\/portfolio\/wp-content\/uploads\/2023\/03\/DSC_0091-420x420.jpg 420w, https:\/\/epawlinska.pl\/portfolio\/wp-content\/uploads\/2023\/03\/DSC_0091-150x150.jpg 150w, https:\/\/epawlinska.pl\/portfolio\/wp-content\/uploads\/2023\/03\/DSC_0091-640x640.jpg 640w, https:\/\/epawlinska.pl\/portfolio\/wp-content\/uploads\/2023\/03\/DSC_0091-50x50.jpg 50w, https:\/\/epawlinska.pl\/portfolio\/wp-content\/uploads\/2023\/03\/DSC_0091-100x100.jpg 100w\" sizes=\"auto, (max-width: 420px) 100vw, 420px\" \/><div class=\"wc-block-components-product-image__inner-container\"><\/div><\/a><\/div>\n\n<h2 style=\"line-height:1.4; margin-bottom:0.75rem;margin-top:0;\" class=\"has-text-align-center wp-block-post-title has-medium-font-size\"><a data-wp-on--click=\"woocommerce\/product-collection::actions.viewProduct\" href=\"https:\/\/epawlinska.pl\/portfolio\/produkt\/mash-up-material-axis-mundi-exhibition\/\" target=\"_self\" >Mash up material<\/a><\/h2>\n\n<div data-block-name=\"woocommerce\/product-price\" data-font-size=\"small\" data-is-descendent-of-query-loop=\"true\" data-text-align=\"center\" class=\"has-font-size has-small-font-size has-text-align-center wp-block-woocommerce-product-price has-small-font-size\" ><div class=\"wc-block-components-product-price wc-block-grid__product-price\" >\n\t\t\t\t\t\n\t\t\t\t<\/div><\/div>\n\n\t\t\t\t<\/li><\/ul><\/div>\n\n\n\n<h2 class=\"wp-block-heading has-text-align-center\">biogram<\/h2>\n\n\n\n<pre class=\"wp-block-code has-color-1-color has-text-color has-link-color wp-elements-7ad28a83d6dec85c8f6e301dfac2e78e\"><code>Ewa Pawli\u0144ska was born in 1995 year in Bia\u0142ogard ( West Pomeranian Voivodeship, Poland).\n\nEwa Pawli\u0144ska urodzona w 1995 roku w Bia\u0142ogardzie (Zachodniopomorskie).<\/code><\/pre>\n\n\n\n<figure class=\"wp-block-image alignfull size-large\"><img loading=\"lazy\" decoding=\"async\" width=\"899\" height=\"1024\" src=\"http:\/\/efa.green64.pl\/shop\/wp-content\/uploads\/2023\/02\/pawlinska-899x1024.jpg\" alt=\"\" class=\"wp-image-60\" srcset=\"https:\/\/epawlinska.pl\/portfolio\/wp-content\/uploads\/2023\/02\/pawlinska-899x1024.jpg 899w, https:\/\/epawlinska.pl\/portfolio\/wp-content\/uploads\/2023\/02\/pawlinska-263x300.jpg 263w, https:\/\/epawlinska.pl\/portfolio\/wp-content\/uploads\/2023\/02\/pawlinska-768x875.jpg 768w, https:\/\/epawlinska.pl\/portfolio\/wp-content\/uploads\/2023\/02\/pawlinska-1348x1536.jpg 1348w, https:\/\/epawlinska.pl\/portfolio\/wp-content\/uploads\/2023\/02\/pawlinska-1140x1299.jpg 1140w, https:\/\/epawlinska.pl\/portfolio\/wp-content\/uploads\/2023\/02\/pawlinska-920x1048.jpg 920w, https:\/\/epawlinska.pl\/portfolio\/wp-content\/uploads\/2023\/02\/pawlinska-575x655.jpg 575w, https:\/\/epawlinska.pl\/portfolio\/wp-content\/uploads\/2023\/02\/pawlinska-380x433.jpg 380w, https:\/\/epawlinska.pl\/portfolio\/wp-content\/uploads\/2023\/02\/pawlinska-800x912.jpg 800w, https:\/\/epawlinska.pl\/portfolio\/wp-content\/uploads\/2023\/02\/pawlinska.jpg 1720w\" sizes=\"auto, (max-width: 899px) 100vw, 899px\" \/><\/figure>\n\n\n\n<blockquote class=\"wp-block-quote is-style-plain is-layout-flow wp-block-quote-is-layout-flow\" style=\"text-transform:uppercase\">\n<p><\/p>\n<cite><br>I create sculptures, objects, and drawings. I am inspired by anthropology, nature, literature, graffiti, dreams, and the affinities of shapes, as well as by cultivating a personal perspective on the world of experiences and associations.<br><br><br><\/cite><\/blockquote>\n\n\n\n<blockquote class=\"wp-block-quote is-style-plain is-layout-flow wp-block-quote-is-layout-flow\" style=\"text-transform:uppercase\">\n<p><\/p>\n<cite><br>Zajmuj\u0119 si\u0119 tworzeniem rze\u017ab, przedmiot\u00f3w, rysunkiem. Inspiruje mnie antropologia, natura, literatura, graffiti, marzenia senne i pokrewie\u0144stwa kszta\u0142t\u00f3w oraz piel\u0119gnowanie osobistego spojrzenia na \u015bwiat do\u015bwiadcze\u0144 i skojarze\u0144.<\/cite><\/blockquote>\n\n\n\n<figure class=\"wp-block-pullquote\"><blockquote><p>2026<\/p><cite>Stypendystka Styria Artist in Residence, Graz, Austria<\/cite><\/blockquote><\/figure>\n\n\n\n<figure class=\"wp-block-pullquote\"><blockquote><p>2023<\/p><cite>Stypendystka Start-up kultura, Koszalin, Polska<\/cite><\/blockquote><\/figure>\n\n\n\n<figure class=\"wp-block-pullquote\"><blockquote><p>2022<\/p><cite>Stypendystka Marsza\u0142ka Wojew\u00f3dztwa Zachodniopomorskiego w dziedzinie kultury<br>Stypendystka ZAIKS w ramach Funduszu Popierania Tw\u00f3rczo\u015bci<\/cite><\/blockquote><\/figure>\n\n\n\n<figure class=\"wp-block-pullquote\"><blockquote><p>2021<\/p><cite>Dyplom magisterski &#8222;Antropologia jako inspiracja rze\u017abiarska&#8221; w pracowni Prof. G.Jaskierskiej-Albrzykowskiej na kierunku rze\u017aba, ASP Wroc\u0142aw<\/cite><\/blockquote><\/figure>\n\n\n\n<figure class=\"wp-block-pullquote\"><blockquote><p>Od 2016 do 2021<\/p><cite>studentka rze\u017aby w pracowni Profesor Gra\u017cyny Jaskierskiej \u2013 Albrzykowskiej na Akademii Sztuk Pi\u0119knych im. E.Gepperta we Wroc\u0142awiu<\/cite><\/blockquote><\/figure>\n\n\n\n<figure class=\"wp-block-pullquote\" style=\"border-style:none;border-width:0px;border-radius:0px;font-size:0px\"><blockquote><p>2016 <\/p><cite>studiowa\u0142a rze\u017ab\u0119 na Uniwersytecie Artystycznym w Poznaniu. <br><br><\/cite><\/blockquote><\/figure>\n\n\n\n<figure class=\"wp-block-pullquote\"><blockquote><p>2015 <\/p><cite>uko\u0144czy\u0142a Liceum Plastyczne im. W\u0142adys\u0142awa Hasiora w Koszalinie, otrzymuj\u0105c dyplom ze specjalizacji Snycerstwo.<br><\/cite><\/blockquote><\/figure>\n\n\n\n<blockquote class=\"wp-block-quote is-style-plain is-layout-flow wp-block-quote-is-layout-flow\">\n<p class=\"has-text-align-center\">Wybrane wystawy:<\/p>\n<\/blockquote>\n\n\n\n<div class=\"wp-block-columns is-layout-flex wp-container-core-columns-is-layout-28f84493 wp-block-columns-is-layout-flex\">\n<div class=\"wp-block-column is-layout-flow wp-block-column-is-layout-flow\" style=\"flex-basis:100%\">\n<figure class=\"wp-block-pullquote\"><blockquote><p>2026<\/p><cite>&#8222;Sen nastolatki&#8221; i &#8222;Kolejna przeprowadzka&#8221;, Wystawa zbiorowa Mi\u0142o\u015b\u0107 jest odpowiedzi\u0105, Stowarzyszenie Pracownia Siostrzana, Wroc\u0142aw, Polska<br><\/cite><\/blockquote><\/figure>\n\n\n\n<figure class=\"wp-block-pullquote\"><blockquote><p>2025<\/p><cite>&#8222;Czaszki i fotele&#8221;, Wystawa indywidualna, Kontury Kultury, Wroc\u0142aw, Polska<br>&#8222;Street Art Review 2&#8221;, Wystawa zbiorowa, STA, Pozna\u0144, Polska<br>&#8222;Chmurka burzowa&#8221;, Wystawa zbiorowa rezydencji Kollision der Kunste, Ebersbach &#8211; Neugersdorf, Niemcy<br><\/cite><\/blockquote><\/figure>\n\n\n\n<figure class=\"wp-block-pullquote\"><blockquote><p>2024<\/p><cite>&#8222;Zanurzenie w letnich stawach&#8221;, Wystawa Arty\u015bci po S\u0105siedzku, Centrum Kultury Agora, Wroc\u0142aw, Polska<br><\/cite><\/blockquote><\/figure>\n\n\n\n<figure class=\"wp-block-pullquote\"><blockquote><p>2023<\/p><cite>&#8222;Zjednoczenie dolnego i g\u00f3rnego Egiptu&#8221;, Koniunkcje: Wystawa pracowni rze\u017aby prof. Gra\u017cyny Jaskierskiej-Albrzykowskiej (ASP we Wroc\u0142awiu) oraz prof. Katarzyny J\u00f3zefowicz (ASP w Gda\u0144sku) w ramach Festiwalu Podwodny Wroc\u0142aw, Polska<br>&#8222;Wy\u015bcigowy szezlong z wytatuowan\u0105 czaszk\u0105&#8221;, II Plener Og\u00f3lnopolski w Radawnicy, Radawnica, Polska<br><\/cite><\/blockquote><\/figure>\n\n\n\n<figure class=\"wp-block-pullquote\"><blockquote><p>2022<\/p><cite>\u201eAxis mundi\u201d \u2013 wystawa indywidualna, Centrum Kultury Agora, Wroc\u0142aw, Polska<br>\u201eMam wyobra\u017ani\u0119 i nie zawaham si\u0119 jej u\u017cy\u0107\u201d \u2013 wystawa indywidualna w ramach Stypendium Marsza\u0142ka wojew\u00f3dztwa Zachodniopomorskiego w dziedzinie kultury, GOK w Ustroniu Morskim, Polska<br><\/cite><\/blockquote><\/figure>\n\n\n\n<figure class=\"wp-block-pullquote\"><blockquote><p>2021<\/p><cite><br>\u201eZjednoczenie g\u00f3rnego i dolnego Egiptu\u201d oraz \u201eMash up material\u201d, B\u0142ysk, wystawa zbiorowa m\u0142odych artyst\u00f3w, CK105, Koszalin, Polska<br>\u201eAxis mundi\u201d \u2013 wystawa dyplomowa, Instytut G\u00f3rnictwa Poltegor, Wroc\u0142aw, Polska<br>\u201eMy\u015blobry\u0142y\u201d &#8211; 15. edycja wystawy interdyscyplinarnej FALA, Koszalin, Polska<br>\u201eZanim powsta\u0142 totem\u201d \u2013 15. Mi\u0119dzynarodowe Sympozjum Rze\u017abiarskie, Miltitz Steinleicht, Niemcy<\/cite><\/blockquote><\/figure>\n<\/div>\n<\/div>\n\n\n\n<figure class=\"wp-block-pullquote\"><blockquote><p>2020<\/p><cite>\u201eVisual entertainment\u201d projekt i realizacja muralu w ramach Kollision der kunste KODEKU, Bischofswerda, Niemcy<br>\u201eDouble vision\u201d i \u201eAlmost caught\u201d, Mi\u0119dzynarodowa rezydencja Kollision der kunste KODEKU, Konig Albert Saale, Bischofswerda, Niemcy<br>\u201eWhere da hood at\u201d, Subkultura, Czasoprzestrze\u0144, Wroc\u0142aw, Polska<br>\u201eZanurzenie w letnich stawach 2\u201d, Western Pomeranian, B\u0119dzino 23, Polska<\/cite><\/blockquote><\/figure>\n\n\n\n<figure class=\"wp-block-pullquote\"><blockquote><p>2019<\/p><cite>\u201eDuch\u201d, Mi\u0119dzynarodowa wystawa poplenerowa, muzeum Pru\u017cany Estate, Pru\u017cany, Bia\u0142oru\u015b<\/cite><\/blockquote><\/figure>\n\n\n\n<figure class=\"wp-block-pullquote\"><blockquote><p>2018<\/p><cite><br><br>\u201eOferta zaanga\u017cowania\u201d, Galeria DNO, ASP Wroc\u0142aw, Polska<br>\u201eMy\u015blobry\u0142y\u201d, Audytorium Comicum, Uniwersytet Wroc\u0142awski, Wroc\u0142aw, Polska<br>\u201eOferta zaanga\u017cowania 2\u201d, Na jawie, Podwodny Wroc\u0142aw, Galeria Stajnia, Browar Mieszcza\u0144ski, Wroc\u0142aw, Polska<br>\u201ebeauty element\u201d, ZNOWU ZNOWU MY, Centrala Artystyczna, Koszalin, Polska<br>\u201ekwestia kciuka\u201d, S p \u00f3 j n i k, Centrala Artystyczna, Koszalin, Polska<\/cite><\/blockquote><\/figure>\n\n\n\n<figure class=\"wp-block-pullquote\"><blockquote><p>2017<\/p><cite>\u201eSoki Poznania\u201d, Galeria na dole, Wroc\u0142aw, Polska<br>\u201esp\u00f3jnik\u201d, Galeria na dole, Wroc\u0142aw, Polska<br>\u201ez klas\u0105\u201d, Centrala Artystyczna, Koszalin, Polska<br><\/cite><\/blockquote><\/figure>\n\n\n\n<figure class=\"wp-block-pullquote\"><blockquote><p>2016<\/p><cite>\u201eZnowu my\u201d, Centrala Artystyczna, Koszalin, Polska<br>\u201eNa Piwo wystawa\u201d, Centrala Artystyczna, Koszalin, Polska<\/cite><\/blockquote><\/figure>\n\n\n\n<figure class=\"wp-block-pullquote\"><blockquote><p>2014<\/p><cite>Wystawa pokonkursowa \u201eDrewno jest wspania\u0142e\u201d 26.09.2014, Galeria w Pa\u0142acu, Murowana Go\u015blina, Polska<\/cite><\/blockquote><\/figure>\n\n\n\n<figure class=\"wp-block-pullquote\"><blockquote><p>Publikacje:<\/p><cite> &#8222;Wy\u015bcigowy szezlong z czaszk\u0105&#8221;, II Og\u00f3lnopolski Plener malarsko-rze\u017abiarski, Radawnica, 2023<br>&#8222;Zjednoczenie g\u00f3rnego i dolnego Egiptu\u201d oraz \u201eMash up material\u201d, Katalog \u201eB\u0142ysk\u201d wystawa zbiorowa m\u0142odych artyst\u00f3w, w ramach Start-up kultura, Koszalin, 2021<br>\u201eMy\u015blobry\u0142y\u201d Katalog 15. Interdyscyplinarna wystawa FALA, Koszalin, 2021<br>\u201eZanurzenie w letnich stawach\u201d Przestrze\u0144 Zine #1, Pozna\u0144, 2019<\/cite><\/blockquote><\/figure>\n\n\n\n<figure class=\"wp-block-pullquote\"><blockquote><p>Inne:<br><\/p><\/blockquote><\/figure>\n\n\n\n<figure class=\"wp-block-pullquote\"><blockquote><p>2023<\/p><cite>Projekt i realizacja muralu w ramach rezydencji Dialog (wsp\u00f3lnie z J.Dominikowskim), FPT ZAIKS, Palermo, Sycylia, W\u0142ochy<br>Warsztaty tworzenia rze\u017ab z \u017celiwa w ramach XIV Festiwalu Wysokich Temperatur, Wroc\u0142aw, Polska<br>&#8222;S\u0105siedzki mini Jam&#8221; &#8211; pomys\u0142 i organizacja wydarzenia kulturalno-edukacyjnego w ramach Ku\u017ani Projekt\u00f3w VII, Centrum Kultury Agora, Wroc\u0142aw, Polska<\/cite><\/blockquote><\/figure>\n\n\n\n<figure class=\"wp-block-pullquote\"><blockquote><p>2021<\/p><cite>\u201eWielbi\u0119 ciebie w ka\u017cdym momencie\u201d film partycypuj\u0105cy w mi\u0119dzynarodowym Bad Video Art Festival, Galeria Bomba, Moskwa, Rosja<br>Udzia\u0142 w mi\u0119dzynarodowym sympozjum rze\u017abiarskim Miltitz Steinleicht e.v., Miltitz, Niemcy<br>Wsp\u00f3\u0142organizacja wystawy oraz publikacji katalogu \u201eB\u0142ysk\u201d, wystawa zbiorowa m\u0142odych artyst\u00f3w w ramach programu \u201eStart-up kultura\u201d na rok 2021, Koszalin, Polska<\/cite><\/blockquote><\/figure>\n\n\n\n<figure class=\"wp-block-pullquote\"><blockquote><p>2020<\/p><cite>Udzia\u0142 w mi\u0119dzynarodowej rezydencji Kodeku Kollision der Ku\u0308nste, Bischofswerda, Niemcy<br>Pomys\u0142 i organizacja wystawy \u201eWestern Pomeranian\u201d, B\u0119dzino 23, Polska<\/cite><\/blockquote><\/figure>\n\n\n\n<figure class=\"wp-block-pullquote\"><blockquote><p>2019<\/p><cite>Plener rze\u017abiarski w Luboradowie, Dom Pracy Tw\u00f3rczej, Luborad\u00f3w, Polska<br>Mi\u0119dzynarodowy plener ceramiczny, Zalessie, Bia\u0142oru\u015b<br>Zimowe warsztaty odlewnicze, ASP Wroc\u0142aw, Polska<\/cite><\/blockquote><\/figure>\n\n\n\n<figure class=\"wp-block-pullquote\"><blockquote><p>2017<\/p><cite>Mi\u0119dzynarodowe warsztaty tworzenia rze\u017ab z \u017celiwa w ramach X Festiwalu Wysokich Temperatur, Wroc\u0142aw, Polska<\/cite><\/blockquote><\/figure>\n\n\n\n<figure class=\"wp-block-pullquote\"><blockquote><p>2016<\/p><cite>Udzia\u0142 w plenerze \u201eTransgresje\u201d w Skokach, Wydzia\u0142 Rze\u017aby i Dzia\u0142a\u0144 Przestrzennych, Uniwersytet Artystyczny w Poznaniu, Polska<\/cite><\/blockquote><\/figure>\n\n\n\n<figure class=\"wp-block-pullquote\"><blockquote><p>2014\/2015<\/p><cite>Prowadzenie nieformalnej grupy o profilu artystyczno-charytatywnym \u201eHajs na nony\u201d, Koszalin, Polska<\/cite><\/blockquote><\/figure>\n\n\n\n<figure class=\"wp-block-pullquote\"><blockquote><p>2014<\/p><cite>1 miejsce w og\u00f3lnopolskim konkursie rze\u017abiarskim \u201eDrewno jest wspania\u0142e\u201d, Murowana Go\u015blina, Polska<\/cite><\/blockquote><\/figure>\n\n\n\n<p><\/p>\n\n\n\n<figure class=\"wp-block-gallery has-nested-images columns-default is-cropped wp-block-gallery-1 is-layout-flex wp-block-gallery-is-layout-flex\"><\/figure>\n","protected":false},"excerpt":{"rendered":"<p>sculptures \/ rze\u017aby biogram I create sculptures, objects, and drawings. I am inspired by anthropology, nature, literature, graffiti, dreams, and the affinities of shapes, as well as by cultivating a [&hellip;]<\/p>\n","protected":false},"author":1,"featured_media":0,"parent":0,"menu_order":0,"comment_status":"closed","ping_status":"closed","template":"","meta":{"footnotes":""},"class_list":["post-10","page","type-page","status-publish","hentry"],"_links":{"self":[{"href":"https:\/\/epawlinska.pl\/portfolio\/wp-json\/wp\/v2\/pages\/10","targetHints":{"allow":["GET"]}}],"collection":[{"href":"https:\/\/epawlinska.pl\/portfolio\/wp-json\/wp\/v2\/pages"}],"about":[{"href":"https:\/\/epawlinska.pl\/portfolio\/wp-json\/wp\/v2\/types\/page"}],"author":[{"embeddable":true,"href":"https:\/\/epawlinska.pl\/portfolio\/wp-json\/wp\/v2\/users\/1"}],"replies":[{"embeddable":true,"href":"https:\/\/epawlinska.pl\/portfolio\/wp-json\/wp\/v2\/comments?post=10"}],"version-history":[{"count":44,"href":"https:\/\/epawlinska.pl\/portfolio\/wp-json\/wp\/v2\/pages\/10\/revisions"}],"predecessor-version":[{"id":413,"href":"https:\/\/epawlinska.pl\/portfolio\/wp-json\/wp\/v2\/pages\/10\/revisions\/413"}],"wp:attachment":[{"href":"https:\/\/epawlinska.pl\/portfolio\/wp-json\/wp\/v2\/media?parent=10"}],"curies":[{"name":"wp","href":"https:\/\/api.w.org\/{rel}","templated":true}]}}